{"id":3389,"date":"2019-10-03T22:47:18","date_gmt":"2019-10-03T20:47:18","guid":{"rendered":"http:\/\/landiphotoclub.fr\/?page_id=3389"},"modified":"2026-02-17T22:11:58","modified_gmt":"2026-02-17T20:11:58","slug":"metiers-patrimoine-et-traditions","status":"publish","type":"page","link":"https:\/\/landiphotoclub.fr\/?page_id=3389","title":{"rendered":"M\u00e9tiers, Patrimoine et Traditions"},"content":{"rendered":"<p>Lors de la saison 2018-2019, les membres du Landi Photo Club ont travaill\u00e9 sur un nouveau projet d\u2019exposition. Le th\u00e8me retenu \u00e9tait \u00ab M\u00e9tiers, patrimoine et traditions, dans la CCPL \u00bb<em>. <\/em>Tr\u00e8s attach\u00e9 \u00e0 ses racines, le Landi Photo Club avait \u00e0 c\u0153ur de travailler sur l\u2019histoire locale, en m\u00ealant \u00e0 la fois le pass\u00e9 et le pr\u00e9sent, pour offrir un nouveau regard, r\u00e9veiller des souvenirs, et r\u00e9v\u00e9ler toute la richesse de la r\u00e9gion landivisienne.<\/p>\n<p>Pour r\u00e9aliser leurs photographies, les membres du club photo se sont rendus dans les diverses communes de la CCPL, tant\u00f4t en qu\u00eate de traditions, tant\u00f4t pour sublimer l\u2019architecture ou le patrimoine. D\u2019autres n\u2019ont pas h\u00e9sit\u00e9 \u00e0 aller \u00e0 la rencontre de personnes passionn\u00e9es, qui font perdurer leur savoir-faire au fil des ann\u00e9es. Certes, il n\u2019\u00e9tait pas toujours \u00e9vident pour les photographes de r\u00e9ussir \u00e0 saisir toute l\u2019\u00e9motion d\u2019un lieu ou d\u2019une ambiance, toute l\u2019intensit\u00e9 de gestes pr\u00e9cis. N\u00e9anmoins, \u00e0 force de patience et de travail, chacun a su relever le d\u00e9fi avec enthousiasme.<\/p>\n<p>50 clich\u00e9s l\u00e9gend\u00e9s ont ainsi \u00e9t\u00e9 r\u00e9alis\u00e9s, sur support aluminium 60 cm \u00d7 40 cm, des photos \u00e0 la fois originales et \u00e9tonnantes.<\/p>\n<p>Cette exposition vous invite \u00e0 d\u00e9couvrir ou red\u00e9couvrir la r\u00e9gion landivisienne en mettant en valeur son patrimoine historique, culturel mais aussi artisanal. N\u2019oublions pas tous ces savoir-faire d\u2019antan, toutes ces activit\u00e9s qui sont le terreau qui nourrit toute la richesse d\u2019aujourd\u2019hui et de demain.<\/p>\n<p>L\u2019espace d\u2019un moment, faites un saut dans l\u2019histoire locale. Ravivez la flamme du patrimoine et des traditions, plongez au c\u0153ur de m\u00e9tiers parfois oubli\u00e9s ou m\u00e9connus.<\/p>\n<p><!-- Easy Photo Album --><\/p>\n<style type=\"text\/css\">\n\t#epa-album-3388-3389-0 .epa-image {\n\t\twidth: 31%;\n\t}\n<\/style>\n<ul id=\"epa-album-3388-3389-0\" class=\"epa-album epa-cf\">\n<li class=\"epa-row  epa-cf\">\n<div class=\"epa-image\"><a href=\"http:\/\/landiphotoclub.fr\/wp-content\/uploads\/2019\/10\/01-Alain-APPERY-Statue-Xavier-Grall-1024x683.jpg\" data-lightbox=\"epa-album-3388-3389-0\" title=\"01 Alain APPERY\"><img decoding=\"async\" src=\"http:\/\/landiphotoclub.fr\/wp-content\/uploads\/2019\/10\/01-Alain-APPERY-Statue-Xavier-Grall-150x150.jpg\" alt=\"01 Alain APPERY Statue Xavier Grall\"\/><br \/><span class=\"epa-title wp-caption\">01 Alain APPERY<\/span><\/a><\/div>\n<div class=\"epa-image\"><a href=\"http:\/\/landiphotoclub.fr\/wp-content\/uploads\/2019\/10\/02-Alain-LAVANANT-laffuteur-1024x683.jpg\" data-lightbox=\"epa-album-3388-3389-0\" title=\"02 Alain LAVANANT\"><img decoding=\"async\" src=\"http:\/\/landiphotoclub.fr\/wp-content\/uploads\/2019\/10\/02-Alain-LAVANANT-laffuteur-150x150.jpg\" alt=\"02 Alain LAVANANT l'affuteur\"\/><br \/><span class=\"epa-title wp-caption\">02 Alain LAVANANT<\/span><\/a><\/div>\n<div class=\"epa-image\"><a href=\"http:\/\/landiphotoclub.fr\/wp-content\/uploads\/2019\/10\/03-Anne-Fran\u00e7oise-LAURANS-potier-683x1024.jpg\" data-lightbox=\"epa-album-3388-3389-0\" title=\"03 Anne Fran\u00e7oise LAURANS\"><img decoding=\"async\" src=\"http:\/\/landiphotoclub.fr\/wp-content\/uploads\/2019\/10\/03-Anne-Fran\u00e7oise-LAURANS-potier-150x150.jpg\" alt=\"03 Anne Fran\u00e7oise LAURANS potier\"\/><br \/><span class=\"epa-title wp-caption\">03 Anne Fran\u00e7oise LAURANS<\/span><\/a><\/div>\n<p><span id=\"more-3389\"><\/span>\n\t\t\t\t<\/li>\n<li class=\"epa-row epa-cf\">\n<div class=\"epa-image\"><a href=\"http:\/\/landiphotoclub.fr\/wp-content\/uploads\/2019\/10\/04-Annie-HERNOT-Saint-Jacques-1024x683.jpg\" data-lightbox=\"epa-album-3388-3389-0\" title=\"04 Annie HERNOT \"><img decoding=\"async\" src=\"http:\/\/landiphotoclub.fr\/wp-content\/uploads\/2019\/10\/04-Annie-HERNOT-Saint-Jacques-150x150.jpg\" alt=\"04 Annie HERNOT Saint Jacques\"\/><br \/><span class=\"epa-title wp-caption\">04 Annie HERNOT <\/span><\/a><\/div>\n<div class=\"epa-image\"><a href=\"http:\/\/landiphotoclub.fr\/wp-content\/uploads\/2019\/10\/05-Armelle-LE-MENN-pont-des-demoiselles-1024x683.jpg\" data-lightbox=\"epa-album-3388-3389-0\" title=\"05 Armelle LE MENN \"><img decoding=\"async\" src=\"http:\/\/landiphotoclub.fr\/wp-content\/uploads\/2019\/10\/05-Armelle-LE-MENN-pont-des-demoiselles-150x150.jpg\" alt=\"05 Armelle LE MENN pont des demoiselles\"\/><br \/><span class=\"epa-title wp-caption\">05 Armelle LE MENN <\/span><\/a><\/div>\n<div class=\"epa-image\"><a href=\"http:\/\/landiphotoclub.fr\/wp-content\/uploads\/2019\/10\/06-B\u00e9atrice-POT-cordonier-683x1024.jpg\" data-lightbox=\"epa-album-3388-3389-0\" title=\"06 B\u00e9atrice POT\"><img decoding=\"async\" src=\"http:\/\/landiphotoclub.fr\/wp-content\/uploads\/2019\/10\/06-B\u00e9atrice-POT-cordonier-150x150.jpg\" alt=\"06 B\u00e9atrice POT cordonier\"\/><br \/><span class=\"epa-title wp-caption\">06 B\u00e9atrice POT<\/span><\/a><\/div>\n<\/li>\n<li class=\"epa-row epa-cf\">\n<div class=\"epa-image\"><a href=\"http:\/\/landiphotoclub.fr\/wp-content\/uploads\/2019\/10\/07-Bruno-PRONOST-horloger-683x1024.jpg\" data-lightbox=\"epa-album-3388-3389-0\" title=\"07 Bruno PRONOST\"><img decoding=\"async\" src=\"http:\/\/landiphotoclub.fr\/wp-content\/uploads\/2019\/10\/07-Bruno-PRONOST-horloger-150x150.jpg\" alt=\"07 Bruno PRONOST horloger\"\/><br \/><span class=\"epa-title wp-caption\">07 Bruno PRONOST<\/span><\/a><\/div>\n<div class=\"epa-image\"><a href=\"http:\/\/landiphotoclub.fr\/wp-content\/uploads\/2019\/10\/08-Carole-ROLLAND-tressage-osier-683x1024.jpg\" data-lightbox=\"epa-album-3388-3389-0\" title=\"08 Carole ROLLAND\"><img decoding=\"async\" src=\"http:\/\/landiphotoclub.fr\/wp-content\/uploads\/2019\/10\/08-Carole-ROLLAND-tressage-osier-150x150.jpg\" alt=\"08 Carole ROLLAND tressage osier\"\/><br \/><span class=\"epa-title wp-caption\">08 Carole ROLLAND<\/span><\/a><\/div>\n<div class=\"epa-image\"><a href=\"http:\/\/landiphotoclub.fr\/wp-content\/uploads\/2019\/10\/09-C\u00e9cile-AUTRET-Bagad-1024x683.jpg\" data-lightbox=\"epa-album-3388-3389-0\" title=\"09 C\u00e9cile AUTRET\"><img decoding=\"async\" src=\"http:\/\/landiphotoclub.fr\/wp-content\/uploads\/2019\/10\/09-C\u00e9cile-AUTRET-Bagad-150x150.jpg\" alt=\"09 C\u00e9cile AUTRET Bagad\"\/><br \/><span class=\"epa-title wp-caption\">09 C\u00e9cile AUTRET<\/span><\/a><\/div>\n<\/li>\n<li class=\"epa-row epa-cf\">\n<div class=\"epa-image\"><a href=\"http:\/\/landiphotoclub.fr\/wp-content\/uploads\/2019\/10\/10-Chantal-FLOCH-Coutelier-1024x683.jpg\" data-lightbox=\"epa-album-3388-3389-0\" title=\"10 Chantal FLOC'H \"><img decoding=\"async\" src=\"http:\/\/landiphotoclub.fr\/wp-content\/uploads\/2019\/10\/10-Chantal-FLOCH-Coutelier-150x150.jpg\" alt=\"10 Chantal FLOC'H Coutelier\"\/><br \/><span class=\"epa-title wp-caption\">10 Chantal FLOC&rsquo;H <\/span><\/a><\/div>\n<div class=\"epa-image\"><a href=\"http:\/\/landiphotoclub.fr\/wp-content\/uploads\/2019\/10\/11-Chantal-LE-GOFF-Le-mougeau-1024x683.jpg\" data-lightbox=\"epa-album-3388-3389-0\" title=\"11 Chantal LE GOFF\"><img decoding=\"async\" src=\"http:\/\/landiphotoclub.fr\/wp-content\/uploads\/2019\/10\/11-Chantal-LE-GOFF-Le-mougeau-150x150.jpg\" alt=\"11 Chantal LE GOFF Le mougeau\"\/><br \/><span class=\"epa-title wp-caption\">11 Chantal LE GOFF<\/span><\/a><\/div>\n<div class=\"epa-image\"><a href=\"http:\/\/landiphotoclub.fr\/wp-content\/uploads\/2019\/10\/12-Christian-BOZEC-Lambader-1024x683.jpg\" data-lightbox=\"epa-album-3388-3389-0\" title=\"12 Christian BOZEC \"><img decoding=\"async\" src=\"http:\/\/landiphotoclub.fr\/wp-content\/uploads\/2019\/10\/12-Christian-BOZEC-Lambader-150x150.jpg\" alt=\"12 Christian BOZEC Lambader\"\/><br \/><span class=\"epa-title wp-caption\">12 Christian BOZEC <\/span><\/a><\/div>\n<\/li>\n<li class=\"epa-row epa-cf\">\n<div class=\"epa-image\"><a href=\"http:\/\/landiphotoclub.fr\/wp-content\/uploads\/2019\/10\/13-Christian-LE-VERGE-la-balance-683x1024.jpg\" data-lightbox=\"epa-album-3388-3389-0\" title=\"13 Christian LE VERGE\"><img decoding=\"async\" src=\"http:\/\/landiphotoclub.fr\/wp-content\/uploads\/2019\/10\/13-Christian-LE-VERGE-la-balance-150x150.jpg\" alt=\"13 Christian LE VERGE la balance\"\/><br \/><span class=\"epa-title wp-caption\">13 Christian LE VERGE<\/span><\/a><\/div>\n<div class=\"epa-image\"><a href=\"http:\/\/landiphotoclub.fr\/wp-content\/uploads\/2019\/10\/14-Christine-LOSTANLEN-relieur-1024x683.jpg\" data-lightbox=\"epa-album-3388-3389-0\" title=\"14 Christine LOSTANLEN \"><img decoding=\"async\" src=\"http:\/\/landiphotoclub.fr\/wp-content\/uploads\/2019\/10\/14-Christine-LOSTANLEN-relieur-150x150.jpg\" alt=\"14 Christine LOSTANLEN relieur\"\/><br \/><span class=\"epa-title wp-caption\">14 Christine LOSTANLEN <\/span><\/a><\/div>\n<div class=\"epa-image\"><a href=\"http:\/\/landiphotoclub.fr\/wp-content\/uploads\/2019\/10\/15-Claudie-PRISER-tatoo-1024x683.jpg\" data-lightbox=\"epa-album-3388-3389-0\" title=\"15 Claudie PRISER\"><img decoding=\"async\" src=\"http:\/\/landiphotoclub.fr\/wp-content\/uploads\/2019\/10\/15-Claudie-PRISER-tatoo-150x150.jpg\" alt=\"15 Claudie PRISER tatouage\"\/><br \/><span class=\"epa-title wp-caption\">15 Claudie PRISER<\/span><\/a><\/div>\n<\/li>\n<li class=\"epa-row epa-cf\">\n<div class=\"epa-image\"><a href=\"http:\/\/landiphotoclub.fr\/wp-content\/uploads\/2019\/10\/16-Damien-PERON-Soudeur-683x1024.jpg\" data-lightbox=\"epa-album-3388-3389-0\" title=\"16 Damien PERON\"><img decoding=\"async\" src=\"http:\/\/landiphotoclub.fr\/wp-content\/uploads\/2019\/10\/16-Damien-PERON-Soudeur-150x150.jpg\" alt=\"16 Damien PERON Soudeur\"\/><br \/><span class=\"epa-title wp-caption\">16 Damien PERON<\/span><\/a><\/div>\n<div class=\"epa-image\"><a href=\"http:\/\/landiphotoclub.fr\/wp-content\/uploads\/2019\/10\/17-Daniel-YVIN-Broderie-1024x683.jpg\" data-lightbox=\"epa-album-3388-3389-0\" title=\"17 Daniel YVIN \"><img decoding=\"async\" src=\"http:\/\/landiphotoclub.fr\/wp-content\/uploads\/2019\/10\/17-Daniel-YVIN-Broderie-150x150.jpg\" alt=\"17 Daniel YVIN Broderie\"\/><br \/><span class=\"epa-title wp-caption\">17 Daniel YVIN <\/span><\/a><\/div>\n<div class=\"epa-image\"><a href=\"http:\/\/landiphotoclub.fr\/wp-content\/uploads\/2019\/10\/18-Denise-ROZEC-Coiffe-1024x683.jpg\" data-lightbox=\"epa-album-3388-3389-0\" title=\"18 Denise ROZEC\"><img decoding=\"async\" src=\"http:\/\/landiphotoclub.fr\/wp-content\/uploads\/2019\/10\/18-Denise-ROZEC-Coiffe-150x150.jpg\" alt=\"18 Denise ROZEC Coiffe\"\/><br \/><span class=\"epa-title wp-caption\">18 Denise ROZEC<\/span><\/a><\/div>\n<\/li>\n<li class=\"epa-row epa-cf\">\n<div class=\"epa-image\"><a href=\"http:\/\/landiphotoclub.fr\/wp-content\/uploads\/2019\/10\/19-Fabienne-BLANCHET-Maraichage-1024x683.jpg\" data-lightbox=\"epa-album-3388-3389-0\" title=\"19 Fabienne BLANCHET \"><img decoding=\"async\" src=\"http:\/\/landiphotoclub.fr\/wp-content\/uploads\/2019\/10\/19-Fabienne-BLANCHET-Maraichage-150x150.jpg\" alt=\"19 Fabienne BLANCHET Maraichage\"\/><br \/><span class=\"epa-title wp-caption\">19 Fabienne BLANCHET <\/span><\/a><\/div>\n<div class=\"epa-image\"><a href=\"http:\/\/landiphotoclub.fr\/wp-content\/uploads\/2019\/10\/20-Fran\u00e7ois-MENEZ-Saint-Vizias-1024x683.jpg\" data-lightbox=\"epa-album-3388-3389-0\" title=\"20 Fran\u00e7ois MENEZ\"><img decoding=\"async\" src=\"http:\/\/landiphotoclub.fr\/wp-content\/uploads\/2019\/10\/20-Fran\u00e7ois-MENEZ-Saint-Vizias-150x150.jpg\" alt=\"20 Fran\u00e7ois MENEZ Saint Vizias\"\/><br \/><span class=\"epa-title wp-caption\">20 Fran\u00e7ois MENEZ<\/span><\/a><\/div>\n<div class=\"epa-image\"><a href=\"http:\/\/landiphotoclub.fr\/wp-content\/uploads\/2019\/10\/21-G\u00e9rard-HERVET-triptyque-1024x683.jpg\" data-lightbox=\"epa-album-3388-3389-0\" title=\"21 G\u00e9rard HERVET\"><img decoding=\"async\" src=\"http:\/\/landiphotoclub.fr\/wp-content\/uploads\/2019\/10\/21-G\u00e9rard-HERVET-triptyque-150x150.jpg\" alt=\"21 G\u00e9rard HERVET triptyque\"\/><br \/><span class=\"epa-title wp-caption\">21 G\u00e9rard HERVET<\/span><\/a><\/div>\n<\/li>\n<li class=\"epa-row epa-cf\">\n<div class=\"epa-image\"><a href=\"http:\/\/landiphotoclub.fr\/wp-content\/uploads\/2019\/10\/22-Gerda-BOLTON-Eleveur-1024x683.jpg\" data-lightbox=\"epa-album-3388-3389-0\" title=\"22 Gerda BOLTON\"><img decoding=\"async\" src=\"http:\/\/landiphotoclub.fr\/wp-content\/uploads\/2019\/10\/22-Gerda-BOLTON-Eleveur-150x150.jpg\" alt=\"22 Gerda BOLTON Eleveur\"\/><br \/><span class=\"epa-title wp-caption\">22 Gerda BOLTON<\/span><\/a><\/div>\n<div class=\"epa-image\"><a href=\"http:\/\/landiphotoclub.fr\/wp-content\/uploads\/2019\/10\/23-Guillaume-BOURVEN-Agriculture-1024x683.jpg\" data-lightbox=\"epa-album-3388-3389-0\" title=\"23 Guillaume BOURVEN \"><img decoding=\"async\" src=\"http:\/\/landiphotoclub.fr\/wp-content\/uploads\/2019\/10\/23-Guillaume-BOURVEN-Agriculture-150x150.jpg\" alt=\"23 Guillaume BOURVEN Agriculture\"\/><br \/><span class=\"epa-title wp-caption\">23 Guillaume BOURVEN <\/span><\/a><\/div>\n<div class=\"epa-image\"><a href=\"http:\/\/landiphotoclub.fr\/wp-content\/uploads\/2019\/10\/24-Herv\u00e9-CALVEZ-Saint-Michel-683x1024.jpg\" data-lightbox=\"epa-album-3388-3389-0\" title=\"24 Herv\u00e9 CALVEZ \"><img decoding=\"async\" src=\"http:\/\/landiphotoclub.fr\/wp-content\/uploads\/2019\/10\/24-Herv\u00e9-CALVEZ-Saint-Michel-150x150.jpg\" alt=\"24 Herv\u00e9 CALVEZ Saint-Michel\"\/><br \/><span class=\"epa-title wp-caption\">24 Herv\u00e9 CALVEZ <\/span><\/a><\/div>\n<\/li>\n<li class=\"epa-row epa-cf\">\n<div class=\"epa-image\"><a href=\"http:\/\/landiphotoclub.fr\/wp-content\/uploads\/2019\/10\/25-Hugo-BOUBOUL-lavoir-1024x683.jpg\" data-lightbox=\"epa-album-3388-3389-0\" title=\"25 Hugo BOUBOUL\"><img decoding=\"async\" src=\"http:\/\/landiphotoclub.fr\/wp-content\/uploads\/2019\/10\/25-Hugo-BOUBOUL-lavoir-150x150.jpg\" alt=\"25 Hugo BOUBOUL lavoir\"\/><br \/><span class=\"epa-title wp-caption\">25 Hugo BOUBOUL<\/span><\/a><\/div>\n<div class=\"epa-image\"><a href=\"http:\/\/landiphotoclub.fr\/wp-content\/uploads\/2019\/10\/26-Irina-DESPRETZ-Kerjean-1024x683.jpg\" data-lightbox=\"epa-album-3388-3389-0\" title=\"26 Irina DESPRETZ\"><img decoding=\"async\" src=\"http:\/\/landiphotoclub.fr\/wp-content\/uploads\/2019\/10\/26-Irina-DESPRETZ-Kerjean-150x150.jpg\" alt=\"26 Irina DESPRETZ Kerjean\"\/><br \/><span class=\"epa-title wp-caption\">26 Irina DESPRETZ<\/span><\/a><\/div>\n<div class=\"epa-image\"><a href=\"http:\/\/landiphotoclub.fr\/wp-content\/uploads\/2019\/10\/27-Jean-Pierre-DAL-SANTO-Sculpture-683x1024.jpg\" data-lightbox=\"epa-album-3388-3389-0\" title=\"27 Jean Pierre DAL SANTO \"><img decoding=\"async\" src=\"http:\/\/landiphotoclub.fr\/wp-content\/uploads\/2019\/10\/27-Jean-Pierre-DAL-SANTO-Sculpture-150x150.jpg\" alt=\"27 Jean Pierre DAL SANTO Sculpture\"\/><br \/><span class=\"epa-title wp-caption\">27 Jean Pierre DAL SANTO <\/span><\/a><\/div>\n<\/li>\n<li class=\"epa-row epa-cf\">\n<div class=\"epa-image\"><a href=\"http:\/\/landiphotoclub.fr\/wp-content\/uploads\/2019\/10\/28-J\u00e9r\u00f4me-PIROU-Transhumance-683x1024.jpg\" data-lightbox=\"epa-album-3388-3389-0\" title=\"28 J\u00e9r\u00f4me PIROU\"><img decoding=\"async\" src=\"http:\/\/landiphotoclub.fr\/wp-content\/uploads\/2019\/10\/28-J\u00e9r\u00f4me-PIROU-Transhumance-150x150.jpg\" alt=\"28 J\u00e9r\u00f4me PIROU Transhumance\"\/><br \/><span class=\"epa-title wp-caption\">28 J\u00e9r\u00f4me PIROU<\/span><\/a><\/div>\n<div class=\"epa-image\"><a href=\"http:\/\/landiphotoclub.fr\/wp-content\/uploads\/2019\/10\/29-Jo\u00ealle-COURSIN-Lit-Clos-1024x683.jpg\" data-lightbox=\"epa-album-3388-3389-0\" title=\"29 Jo\u00ealle COURSIN\"><img decoding=\"async\" src=\"http:\/\/landiphotoclub.fr\/wp-content\/uploads\/2019\/10\/29-Jo\u00ealle-COURSIN-Lit-Clos-150x150.jpg\" alt=\"29 Jo\u00ealle COURSIN Lit Clos\"\/><br \/><span class=\"epa-title wp-caption\">29 Jo\u00ealle COURSIN<\/span><\/a><\/div>\n<div class=\"epa-image\"><a href=\"http:\/\/landiphotoclub.fr\/wp-content\/uploads\/2019\/10\/30-Justine-ANSQUER-Repassage-1024x683.jpg\" data-lightbox=\"epa-album-3388-3389-0\" title=\"30 Justine ANSQUER \"><img decoding=\"async\" src=\"http:\/\/landiphotoclub.fr\/wp-content\/uploads\/2019\/10\/30-Justine-ANSQUER-Repassage-150x150.jpg\" alt=\"30 Justine ANSQUER Repassage\"\/><br \/><span class=\"epa-title wp-caption\">30 Justine ANSQUER <\/span><\/a><\/div>\n<\/li>\n<li class=\"epa-row epa-cf\">\n<div class=\"epa-image\"><a href=\"http:\/\/landiphotoclub.fr\/wp-content\/uploads\/2019\/10\/31-Laurence-GUERCH-remouleur-1024x683.jpg\" data-lightbox=\"epa-album-3388-3389-0\" title=\"31 Laurence GUERCH \"><img decoding=\"async\" src=\"http:\/\/landiphotoclub.fr\/wp-content\/uploads\/2019\/10\/31-Laurence-GUERCH-remouleur-150x150.jpg\" alt=\"31 Laurence GUERCH remouleur\"\/><br \/><span class=\"epa-title wp-caption\">31 Laurence GUERCH <\/span><\/a><\/div>\n<div class=\"epa-image\"><a href=\"http:\/\/landiphotoclub.fr\/wp-content\/uploads\/2019\/10\/32-Marie-Claire-QUIOC-Boulanger-1024x683.jpg\" data-lightbox=\"epa-album-3388-3389-0\" title=\"32 Marie Claire QUIOC \"><img decoding=\"async\" src=\"http:\/\/landiphotoclub.fr\/wp-content\/uploads\/2019\/10\/32-Marie-Claire-QUIOC-Boulanger-150x150.jpg\" alt=\"32 Marie Claire QUIOC Boulanger\"\/><br \/><span class=\"epa-title wp-caption\">32 Marie Claire QUIOC <\/span><\/a><\/div>\n<div class=\"epa-image\"><a href=\"http:\/\/landiphotoclub.fr\/wp-content\/uploads\/2019\/10\/33-Marie-Claude-KERAUTRET-Cr\u00e9ach-KELLEN-1024x683.jpg\" data-lightbox=\"epa-album-3388-3389-0\" title=\"33 Marie Claude KERAUTRET \"><img decoding=\"async\" src=\"http:\/\/landiphotoclub.fr\/wp-content\/uploads\/2019\/10\/33-Marie-Claude-KERAUTRET-Cr\u00e9ach-KELLEN-150x150.jpg\" alt=\"33 Marie Claude KERAUTRET Cr\u00e9ac'h KELLEN\"\/><br \/><span class=\"epa-title wp-caption\">33 Marie Claude KERAUTRET <\/span><\/a><\/div>\n<\/li>\n<li class=\"epa-row epa-cf\">\n<div class=\"epa-image\"><a href=\"http:\/\/landiphotoclub.fr\/wp-content\/uploads\/2019\/10\/34-Marie-Jos\u00e9e-TANGUY-Berven-1024x683.jpg\" data-lightbox=\"epa-album-3388-3389-0\" title=\"34 Marie Jos\u00e9e TANGUY \"><img decoding=\"async\" src=\"http:\/\/landiphotoclub.fr\/wp-content\/uploads\/2019\/10\/34-Marie-Jos\u00e9e-TANGUY-Berven-150x150.jpg\" alt=\"34 Marie Jos\u00e9e TANGUY Berven\"\/><br \/><span class=\"epa-title wp-caption\">34 Marie Jos\u00e9e TANGUY <\/span><\/a><\/div>\n<div class=\"epa-image\"><a href=\"http:\/\/landiphotoclub.fr\/wp-content\/uploads\/2019\/10\/35-Marion-TANGUY-Bodilis-683x1024.jpg\" data-lightbox=\"epa-album-3388-3389-0\" title=\"35 Marion TANGUY \"><img decoding=\"async\" src=\"http:\/\/landiphotoclub.fr\/wp-content\/uploads\/2019\/10\/35-Marion-TANGUY-Bodilis-150x150.jpg\" alt=\"35 Marion TANGUY Bodilis\"\/><br \/><span class=\"epa-title wp-caption\">35 Marion TANGUY <\/span><\/a><\/div>\n<div class=\"epa-image\"><a href=\"http:\/\/landiphotoclub.fr\/wp-content\/uploads\/2019\/10\/36-Maryline-TANGUY-culture-1024x683.jpg\" data-lightbox=\"epa-album-3388-3389-0\" title=\"36 Maryline TANGUY\"><img decoding=\"async\" src=\"http:\/\/landiphotoclub.fr\/wp-content\/uploads\/2019\/10\/36-Maryline-TANGUY-culture-150x150.jpg\" alt=\"36 Maryline TANGUY culture\"\/><br \/><span class=\"epa-title wp-caption\">36 Maryline TANGUY<\/span><\/a><\/div>\n<\/li>\n<li class=\"epa-row epa-cf\">\n<div class=\"epa-image\"><a href=\"http:\/\/landiphotoclub.fr\/wp-content\/uploads\/2019\/10\/37-Maurice-GUILLOU-Marechal-683x1024.jpg\" data-lightbox=\"epa-album-3388-3389-0\" title=\"37 Maurice GUILLOU\"><img decoding=\"async\" src=\"http:\/\/landiphotoclub.fr\/wp-content\/uploads\/2019\/10\/37-Maurice-GUILLOU-Marechal-150x150.jpg\" alt=\"37 Maurice GUILLOU Marechal\"\/><br \/><span class=\"epa-title wp-caption\">37 Maurice GUILLOU<\/span><\/a><\/div>\n<div class=\"epa-image\"><a href=\"http:\/\/landiphotoclub.fr\/wp-content\/uploads\/2019\/10\/38-M\u00e9lanie-LE-BRAS-graveur-683x1024.jpg\" data-lightbox=\"epa-album-3388-3389-0\" title=\"38 M\u00e9lanie LE BRAS\"><img decoding=\"async\" src=\"http:\/\/landiphotoclub.fr\/wp-content\/uploads\/2019\/10\/38-M\u00e9lanie-LE-BRAS-graveur-150x150.jpg\" alt=\"38 M\u00e9lanie LE BRAS graveur\"\/><br \/><span class=\"epa-title wp-caption\">38 M\u00e9lanie LE BRAS<\/span><\/a><\/div>\n<div class=\"epa-image\"><a href=\"http:\/\/landiphotoclub.fr\/wp-content\/uploads\/2019\/10\/39-Sylvie-GUIRIEC-broderie-1024x683.jpg\" data-lightbox=\"epa-album-3388-3389-0\" title=\"39 Sylvie GUIRIEC\"><img decoding=\"async\" src=\"http:\/\/landiphotoclub.fr\/wp-content\/uploads\/2019\/10\/39-Sylvie-GUIRIEC-broderie-150x150.jpg\" alt=\"39 Sylvie GUIRIEC broderie\"\/><br \/><span class=\"epa-title wp-caption\">39 Sylvie GUIRIEC<\/span><\/a><\/div>\n<\/li>\n<li class=\"epa-row epa-cf\">\n<div class=\"epa-image\"><a href=\"http:\/\/landiphotoclub.fr\/wp-content\/uploads\/2019\/10\/40-Mireille-CAM-saponage-1024x683.jpg\" data-lightbox=\"epa-album-3388-3389-0\" title=\"40 Mireille CAM\"><img decoding=\"async\" src=\"http:\/\/landiphotoclub.fr\/wp-content\/uploads\/2019\/10\/40-Mireille-CAM-saponage-150x150.jpg\" alt=\"40 Mireille CAM saponage\"\/><br \/><span class=\"epa-title wp-caption\">40 Mireille CAM<\/span><\/a><\/div>\n<div class=\"epa-image\"><a href=\"http:\/\/landiphotoclub.fr\/wp-content\/uploads\/2019\/10\/41-Nancy-GAFFRIC-colombier-1024x683.jpg\" data-lightbox=\"epa-album-3388-3389-0\" title=\"41 Nancy GAFFRIC\"><img decoding=\"async\" src=\"http:\/\/landiphotoclub.fr\/wp-content\/uploads\/2019\/10\/41-Nancy-GAFFRIC-colombier-150x150.jpg\" alt=\"41 Nancy GAFFRIC colombier\"\/><br \/><span class=\"epa-title wp-caption\">41 Nancy GAFFRIC<\/span><\/a><\/div>\n<div class=\"epa-image\"><a href=\"http:\/\/landiphotoclub.fr\/wp-content\/uploads\/2019\/10\/42-Nathalie-THEOTA-boucher-683x1024.jpg\" data-lightbox=\"epa-album-3388-3389-0\" title=\"42 Nathalie THEOTA\"><img decoding=\"async\" src=\"http:\/\/landiphotoclub.fr\/wp-content\/uploads\/2019\/10\/42-Nathalie-THEOTA-boucher-150x150.jpg\" alt=\"42 Nathalie THEOTA boucher\"\/><br \/><span class=\"epa-title wp-caption\">42 Nathalie THEOTA<\/span><\/a><\/div>\n<\/li>\n<li class=\"epa-row epa-cf\">\n<div class=\"epa-image\"><a href=\"http:\/\/landiphotoclub.fr\/wp-content\/uploads\/2019\/10\/43-R\u00e9mi-LAMOUR-tannerie-683x1024.jpg\" data-lightbox=\"epa-album-3388-3389-0\" title=\"43 Remi LAMOUR\"><img decoding=\"async\" src=\"http:\/\/landiphotoclub.fr\/wp-content\/uploads\/2019\/10\/43-R\u00e9mi-LAMOUR-tannerie-150x150.jpg\" alt=\"43 Remi LAMOUR Tannerie\"\/><br \/><span class=\"epa-title wp-caption\">43 Remi LAMOUR<\/span><\/a><\/div>\n<div class=\"epa-image\"><a href=\"http:\/\/landiphotoclub.fr\/wp-content\/uploads\/2019\/10\/44-Ren\u00e9-PAUL-triptyque-portes-1024x683.jpg\" data-lightbox=\"epa-album-3388-3389-0\" title=\"44 Ren\u00e9 PAUL\"><img decoding=\"async\" src=\"http:\/\/landiphotoclub.fr\/wp-content\/uploads\/2019\/10\/44-Ren\u00e9-PAUL-triptyque-portes-150x150.jpg\" alt=\"44 Ren\u00e9 PAUL triptyque portes\"\/><br \/><span class=\"epa-title wp-caption\">44 Ren\u00e9 PAUL<\/span><\/a><\/div>\n<div class=\"epa-image\"><a href=\"http:\/\/landiphotoclub.fr\/wp-content\/uploads\/2019\/10\/45-Ronan-FERELLOC-MFR-1024x683.jpg\" data-lightbox=\"epa-album-3388-3389-0\" title=\"45 Ronan FERELLOC\"><img decoding=\"async\" src=\"http:\/\/landiphotoclub.fr\/wp-content\/uploads\/2019\/10\/45-Ronan-FERELLOC-MFR-150x150.jpg\" alt=\"45 Ronan FERELLOC MFR\"\/><br \/><span class=\"epa-title wp-caption\">45 Ronan FERELLOC<\/span><\/a><\/div>\n<\/li>\n<li class=\"epa-row epa-cf\">\n<div class=\"epa-image\"><a href=\"http:\/\/landiphotoclub.fr\/wp-content\/uploads\/2019\/10\/46-Roselyne-PAUL-menuiserie-683x1024.jpg\" data-lightbox=\"epa-album-3388-3389-0\" title=\"46 Roselyne PAUL \"><img decoding=\"async\" src=\"http:\/\/landiphotoclub.fr\/wp-content\/uploads\/2019\/10\/46-Roselyne-PAUL-menuiserie-150x150.jpg\" alt=\"46 Roselyne PAUL menuiserie\"\/><br \/><span class=\"epa-title wp-caption\">46 Roselyne PAUL <\/span><\/a><\/div>\n<div class=\"epa-image\"><a href=\"http:\/\/landiphotoclub.fr\/wp-content\/uploads\/2019\/10\/47-Sandrine-GRAC-moulin-a-tan-683x1024.jpg\" data-lightbox=\"epa-album-3388-3389-0\" title=\"47 Sandrine GRAC \"><img decoding=\"async\" src=\"http:\/\/landiphotoclub.fr\/wp-content\/uploads\/2019\/10\/47-Sandrine-GRAC-moulin-a-tan-150x150.jpg\" alt=\"47 Sandrine GRAC moulin a tan\"\/><br \/><span class=\"epa-title wp-caption\">47 Sandrine GRAC <\/span><\/a><\/div>\n<div class=\"epa-image\"><a href=\"http:\/\/landiphotoclub.fr\/wp-content\/uploads\/2019\/10\/48-Sophie-ABGRALL-le-lin-1024x683.jpg\" data-lightbox=\"epa-album-3388-3389-0\" title=\"48 Sophie ABGRAL\"><img decoding=\"async\" src=\"http:\/\/landiphotoclub.fr\/wp-content\/uploads\/2019\/10\/48-Sophie-ABGRALL-le-lin-150x150.jpg\" alt=\"48 Sophie ABGRALL le lin\"\/><br \/><span class=\"epa-title wp-caption\">48 Sophie ABGRAL<\/span><\/a><\/div>\n<\/li>\n<li class=\"epa-row epa-cf\">\n<div class=\"epa-image\"><a href=\"http:\/\/landiphotoclub.fr\/wp-content\/uploads\/2019\/10\/49-Sylvain-BARON-photographe-1024x683.jpg\" data-lightbox=\"epa-album-3388-3389-0\" title=\"49 Sylvain BARON \"><img decoding=\"async\" src=\"http:\/\/landiphotoclub.fr\/wp-content\/uploads\/2019\/10\/49-Sylvain-BARON-photographe-150x150.jpg\" alt=\"49 Sylvain BARON photographe\"\/><br \/><span class=\"epa-title wp-caption\">49 Sylvain BARON <\/span><\/a><\/div>\n<div class=\"epa-image\"><a href=\"http:\/\/landiphotoclub.fr\/wp-content\/uploads\/2019\/10\/50-Yveline-SIZUN-Triptyque-Kanndi-1024x683.jpg\" data-lightbox=\"epa-album-3388-3389-0\" title=\"50 Yveline SIZUN \"><img decoding=\"async\" src=\"http:\/\/landiphotoclub.fr\/wp-content\/uploads\/2019\/10\/50-Yveline-SIZUN-Triptyque-Kanndi-150x150.jpg\" alt=\"50 Yveline SIZUN Triptyque Kanndi\"\/><br \/><span class=\"epa-title wp-caption\">50 Yveline SIZUN <\/span><\/a><\/div>\n<\/li>\n<\/ul>\n\n<p>&nbsp;<\/p>\n<p>&nbsp;<\/p>\n","protected":false},"excerpt":{"rendered":"<!-- Easy Photo Album -->\r\n<style type=\"text\/css\">\r\n\t#epa-album-3388 .epa-image {\r\n\t\twidth: 31%;\r\n\t}\r\n<\/style><ul id=\"epa-album-3388\" class=\"epa-album epa-cf\">\r\n<li class=\"epa-row  epa-cf\">\r\n\t\t\t\t<div class=\"epa-image\"><a href=\"http:\/\/landiphotoclub.fr\/wp-content\/uploads\/2019\/10\/01-Alain-APPERY-Statue-Xavier-Grall-1024x683.jpg\" data-lightbox=\"epa-album-3388\" title=\"01 Alain APPERY\"><img decoding=\"async\" src=\"http:\/\/landiphotoclub.fr\/wp-content\/uploads\/2019\/10\/01-Alain-APPERY-Statue-Xavier-Grall-150x150.jpg\" alt=\"01 Alain APPERY Statue Xavier Grall\"\/><br\/><span class=\"epa-title wp-caption\">01 Alain APPERY<\/span><\/a><\/div><div class=\"epa-image\"><a href=\"http:\/\/landiphotoclub.fr\/wp-content\/uploads\/2019\/10\/02-Alain-LAVANANT-laffuteur-1024x683.jpg\" data-lightbox=\"epa-album-3388\" title=\"02 Alain LAVANANT\"><img decoding=\"async\" src=\"http:\/\/landiphotoclub.fr\/wp-content\/uploads\/2019\/10\/02-Alain-LAVANANT-laffuteur-150x150.jpg\" alt=\"02 Alain LAVANANT l'affuteur\"\/><br\/><span class=\"epa-title wp-caption\">02 Alain LAVANANT<\/span><\/a><\/div><div class=\"epa-image\"><a href=\"http:\/\/landiphotoclub.fr\/wp-content\/uploads\/2019\/10\/03-Anne-Fran\u00e7oise-LAURANS-potier-683x1024.jpg\" data-lightbox=\"epa-album-3388\" title=\"03 Anne Fran\u00e7oise LAURANS\"><img decoding=\"async\" src=\"http:\/\/landiphotoclub.fr\/wp-content\/uploads\/2019\/10\/03-Anne-Fran\u00e7oise-LAURANS-potier-150x150.jpg\" alt=\"03 Anne Fran\u00e7oise LAURANS potier\"\/><br\/><span class=\"epa-title wp-caption\">03 Anne Fran\u00e7oise LAURANS<\/span><\/a><\/div>\r\n<span id=\"more-3389\"><\/span>\r\n\t\t\t\t<\/li><li class=\"epa-row epa-cf\"><div class=\"epa-image\"><a href=\"http:\/\/landiphotoclub.fr\/wp-content\/uploads\/2019\/10\/04-Annie-HERNOT-Saint-Jacques-1024x683.jpg\" data-lightbox=\"epa-album-3388\" title=\"04 Annie HERNOT \"><img decoding=\"async\" src=\"http:\/\/landiphotoclub.fr\/wp-content\/uploads\/2019\/10\/04-Annie-HERNOT-Saint-Jacques-150x150.jpg\" alt=\"04 Annie HERNOT Saint Jacques\"\/><br\/><span class=\"epa-title wp-caption\">04 Annie HERNOT <\/span><\/a><\/div><div class=\"epa-image\"><a href=\"http:\/\/landiphotoclub.fr\/wp-content\/uploads\/2019\/10\/05-Armelle-LE-MENN-pont-des-demoiselles-1024x683.jpg\" data-lightbox=\"epa-album-3388\" title=\"05 Armelle LE MENN \"><img decoding=\"async\" src=\"http:\/\/landiphotoclub.fr\/wp-content\/uploads\/2019\/10\/05-Armelle-LE-MENN-pont-des-demoiselles-150x150.jpg\" alt=\"05 Armelle LE MENN pont des demoiselles\"\/><br\/><span class=\"epa-title wp-caption\">05 Armelle LE MENN <\/span><\/a><\/div><div class=\"epa-image\"><a href=\"http:\/\/landiphotoclub.fr\/wp-content\/uploads\/2019\/10\/06-B\u00e9atrice-POT-cordonier-683x1024.jpg\" data-lightbox=\"epa-album-3388\" title=\"06 B\u00e9atrice POT\"><img decoding=\"async\" src=\"http:\/\/landiphotoclub.fr\/wp-content\/uploads\/2019\/10\/06-B\u00e9atrice-POT-cordonier-150x150.jpg\" alt=\"06 B\u00e9atrice POT cordonier\"\/><br\/><span class=\"epa-title wp-caption\">06 B\u00e9atrice POT<\/span><\/a><\/div><\/li><li class=\"epa-row epa-cf\"><div class=\"epa-image\"><a href=\"http:\/\/landiphotoclub.fr\/wp-content\/uploads\/2019\/10\/07-Bruno-PRONOST-horloger-683x1024.jpg\" data-lightbox=\"epa-album-3388\" title=\"07 Bruno PRONOST\"><img decoding=\"async\" src=\"http:\/\/landiphotoclub.fr\/wp-content\/uploads\/2019\/10\/07-Bruno-PRONOST-horloger-150x150.jpg\" alt=\"07 Bruno PRONOST horloger\"\/><br\/><span class=\"epa-title wp-caption\">07 Bruno PRONOST<\/span><\/a><\/div><div class=\"epa-image\"><a href=\"http:\/\/landiphotoclub.fr\/wp-content\/uploads\/2019\/10\/08-Carole-ROLLAND-tressage-osier-683x1024.jpg\" data-lightbox=\"epa-album-3388\" title=\"08 Carole ROLLAND\"><img decoding=\"async\" src=\"http:\/\/landiphotoclub.fr\/wp-content\/uploads\/2019\/10\/08-Carole-ROLLAND-tressage-osier-150x150.jpg\" alt=\"08 Carole ROLLAND tressage osier\"\/><br\/><span class=\"epa-title wp-caption\">08 Carole ROLLAND<\/span><\/a><\/div><div class=\"epa-image\"><a href=\"http:\/\/landiphotoclub.fr\/wp-content\/uploads\/2019\/10\/09-C\u00e9cile-AUTRET-Bagad-1024x683.jpg\" data-lightbox=\"epa-album-3388\" title=\"09 C\u00e9cile AUTRET\"><img decoding=\"async\" src=\"http:\/\/landiphotoclub.fr\/wp-content\/uploads\/2019\/10\/09-C\u00e9cile-AUTRET-Bagad-150x150.jpg\" alt=\"09 C\u00e9cile AUTRET Bagad\"\/><br\/><span class=\"epa-title wp-caption\">09 C\u00e9cile AUTRET<\/span><\/a><\/div><\/li><li class=\"epa-row epa-cf\"><div class=\"epa-image\"><a href=\"http:\/\/landiphotoclub.fr\/wp-content\/uploads\/2019\/10\/10-Chantal-FLOCH-Coutelier-1024x683.jpg\" data-lightbox=\"epa-album-3388\" title=\"10 Chantal FLOC'H \"><img decoding=\"async\" src=\"http:\/\/landiphotoclub.fr\/wp-content\/uploads\/2019\/10\/10-Chantal-FLOCH-Coutelier-150x150.jpg\" alt=\"10 Chantal FLOC'H Coutelier\"\/><br\/><span class=\"epa-title wp-caption\">10 Chantal FLOC'H <\/span><\/a><\/div><div class=\"epa-image\"><a href=\"http:\/\/landiphotoclub.fr\/wp-content\/uploads\/2019\/10\/11-Chantal-LE-GOFF-Le-mougeau-1024x683.jpg\" data-lightbox=\"epa-album-3388\" title=\"11 Chantal LE GOFF\"><img decoding=\"async\" src=\"http:\/\/landiphotoclub.fr\/wp-content\/uploads\/2019\/10\/11-Chantal-LE-GOFF-Le-mougeau-150x150.jpg\" alt=\"11 Chantal LE GOFF Le mougeau\"\/><br\/><span class=\"epa-title wp-caption\">11 Chantal LE GOFF<\/span><\/a><\/div><div class=\"epa-image\"><a href=\"http:\/\/landiphotoclub.fr\/wp-content\/uploads\/2019\/10\/12-Christian-BOZEC-Lambader-1024x683.jpg\" data-lightbox=\"epa-album-3388\" title=\"12 Christian BOZEC \"><img decoding=\"async\" src=\"http:\/\/landiphotoclub.fr\/wp-content\/uploads\/2019\/10\/12-Christian-BOZEC-Lambader-150x150.jpg\" alt=\"12 Christian BOZEC Lambader\"\/><br\/><span class=\"epa-title wp-caption\">12 Christian BOZEC <\/span><\/a><\/div><\/li><li class=\"epa-row epa-cf\"><div class=\"epa-image\"><a href=\"http:\/\/landiphotoclub.fr\/wp-content\/uploads\/2019\/10\/13-Christian-LE-VERGE-la-balance-683x1024.jpg\" data-lightbox=\"epa-album-3388\" title=\"13 Christian LE VERGE\"><img decoding=\"async\" src=\"http:\/\/landiphotoclub.fr\/wp-content\/uploads\/2019\/10\/13-Christian-LE-VERGE-la-balance-150x150.jpg\" alt=\"13 Christian LE VERGE la balance\"\/><br\/><span class=\"epa-title wp-caption\">13 Christian LE VERGE<\/span><\/a><\/div><div class=\"epa-image\"><a href=\"http:\/\/landiphotoclub.fr\/wp-content\/uploads\/2019\/10\/14-Christine-LOSTANLEN-relieur-1024x683.jpg\" data-lightbox=\"epa-album-3388\" title=\"14 Christine LOSTANLEN \"><img decoding=\"async\" src=\"http:\/\/landiphotoclub.fr\/wp-content\/uploads\/2019\/10\/14-Christine-LOSTANLEN-relieur-150x150.jpg\" alt=\"14 Christine LOSTANLEN relieur\"\/><br\/><span class=\"epa-title wp-caption\">14 Christine LOSTANLEN <\/span><\/a><\/div><div class=\"epa-image\"><a href=\"http:\/\/landiphotoclub.fr\/wp-content\/uploads\/2019\/10\/15-Claudie-PRISER-tatoo-1024x683.jpg\" data-lightbox=\"epa-album-3388\" title=\"15 Claudie PRISER\"><img decoding=\"async\" src=\"http:\/\/landiphotoclub.fr\/wp-content\/uploads\/2019\/10\/15-Claudie-PRISER-tatoo-150x150.jpg\" alt=\"15 Claudie PRISER tatouage\"\/><br\/><span class=\"epa-title wp-caption\">15 Claudie PRISER<\/span><\/a><\/div><\/li><li class=\"epa-row epa-cf\"><div class=\"epa-image\"><a href=\"http:\/\/landiphotoclub.fr\/wp-content\/uploads\/2019\/10\/16-Damien-PERON-Soudeur-683x1024.jpg\" data-lightbox=\"epa-album-3388\" title=\"16 Damien PERON\"><img decoding=\"async\" src=\"http:\/\/landiphotoclub.fr\/wp-content\/uploads\/2019\/10\/16-Damien-PERON-Soudeur-150x150.jpg\" alt=\"16 Damien PERON Soudeur\"\/><br\/><span class=\"epa-title wp-caption\">16 Damien PERON<\/span><\/a><\/div><div class=\"epa-image\"><a href=\"http:\/\/landiphotoclub.fr\/wp-content\/uploads\/2019\/10\/17-Daniel-YVIN-Broderie-1024x683.jpg\" data-lightbox=\"epa-album-3388\" title=\"17 Daniel YVIN \"><img decoding=\"async\" src=\"http:\/\/landiphotoclub.fr\/wp-content\/uploads\/2019\/10\/17-Daniel-YVIN-Broderie-150x150.jpg\" alt=\"17 Daniel YVIN Broderie\"\/><br\/><span class=\"epa-title wp-caption\">17 Daniel YVIN <\/span><\/a><\/div><div class=\"epa-image\"><a href=\"http:\/\/landiphotoclub.fr\/wp-content\/uploads\/2019\/10\/18-Denise-ROZEC-Coiffe-1024x683.jpg\" data-lightbox=\"epa-album-3388\" title=\"18 Denise ROZEC\"><img decoding=\"async\" src=\"http:\/\/landiphotoclub.fr\/wp-content\/uploads\/2019\/10\/18-Denise-ROZEC-Coiffe-150x150.jpg\" alt=\"18 Denise ROZEC Coiffe\"\/><br\/><span class=\"epa-title wp-caption\">18 Denise ROZEC<\/span><\/a><\/div><\/li><li class=\"epa-row epa-cf\"><div class=\"epa-image\"><a href=\"http:\/\/landiphotoclub.fr\/wp-content\/uploads\/2019\/10\/19-Fabienne-BLANCHET-Maraichage-1024x683.jpg\" data-lightbox=\"epa-album-3388\" title=\"19 Fabienne BLANCHET \"><img decoding=\"async\" src=\"http:\/\/landiphotoclub.fr\/wp-content\/uploads\/2019\/10\/19-Fabienne-BLANCHET-Maraichage-150x150.jpg\" alt=\"19 Fabienne BLANCHET Maraichage\"\/><br\/><span class=\"epa-title wp-caption\">19 Fabienne BLANCHET <\/span><\/a><\/div><div class=\"epa-image\"><a href=\"http:\/\/landiphotoclub.fr\/wp-content\/uploads\/2019\/10\/20-Fran\u00e7ois-MENEZ-Saint-Vizias-1024x683.jpg\" data-lightbox=\"epa-album-3388\" title=\"20 Fran\u00e7ois MENEZ\"><img decoding=\"async\" src=\"http:\/\/landiphotoclub.fr\/wp-content\/uploads\/2019\/10\/20-Fran\u00e7ois-MENEZ-Saint-Vizias-150x150.jpg\" alt=\"20 Fran\u00e7ois MENEZ Saint Vizias\"\/><br\/><span class=\"epa-title wp-caption\">20 Fran\u00e7ois MENEZ<\/span><\/a><\/div><div class=\"epa-image\"><a href=\"http:\/\/landiphotoclub.fr\/wp-content\/uploads\/2019\/10\/21-G\u00e9rard-HERVET-triptyque-1024x683.jpg\" data-lightbox=\"epa-album-3388\" title=\"21 G\u00e9rard HERVET\"><img decoding=\"async\" src=\"http:\/\/landiphotoclub.fr\/wp-content\/uploads\/2019\/10\/21-G\u00e9rard-HERVET-triptyque-150x150.jpg\" alt=\"21 G\u00e9rard HERVET triptyque\"\/><br\/><span class=\"epa-title wp-caption\">21 G\u00e9rard HERVET<\/span><\/a><\/div><\/li><li class=\"epa-row epa-cf\"><div class=\"epa-image\"><a href=\"http:\/\/landiphotoclub.fr\/wp-content\/uploads\/2019\/10\/22-Gerda-BOLTON-Eleveur-1024x683.jpg\" data-lightbox=\"epa-album-3388\" title=\"22 Gerda BOLTON\"><img decoding=\"async\" src=\"http:\/\/landiphotoclub.fr\/wp-content\/uploads\/2019\/10\/22-Gerda-BOLTON-Eleveur-150x150.jpg\" alt=\"22 Gerda BOLTON Eleveur\"\/><br\/><span class=\"epa-title wp-caption\">22 Gerda BOLTON<\/span><\/a><\/div><div class=\"epa-image\"><a href=\"http:\/\/landiphotoclub.fr\/wp-content\/uploads\/2019\/10\/23-Guillaume-BOURVEN-Agriculture-1024x683.jpg\" data-lightbox=\"epa-album-3388\" title=\"23 Guillaume BOURVEN \"><img decoding=\"async\" src=\"http:\/\/landiphotoclub.fr\/wp-content\/uploads\/2019\/10\/23-Guillaume-BOURVEN-Agriculture-150x150.jpg\" alt=\"23 Guillaume BOURVEN Agriculture\"\/><br\/><span class=\"epa-title wp-caption\">23 Guillaume BOURVEN <\/span><\/a><\/div><div class=\"epa-image\"><a href=\"http:\/\/landiphotoclub.fr\/wp-content\/uploads\/2019\/10\/24-Herv\u00e9-CALVEZ-Saint-Michel-683x1024.jpg\" data-lightbox=\"epa-album-3388\" title=\"24 Herv\u00e9 CALVEZ \"><img decoding=\"async\" src=\"http:\/\/landiphotoclub.fr\/wp-content\/uploads\/2019\/10\/24-Herv\u00e9-CALVEZ-Saint-Michel-150x150.jpg\" alt=\"24 Herv\u00e9 CALVEZ Saint-Michel\"\/><br\/><span class=\"epa-title wp-caption\">24 Herv\u00e9 CALVEZ <\/span><\/a><\/div><\/li><li class=\"epa-row epa-cf\"><div class=\"epa-image\"><a href=\"http:\/\/landiphotoclub.fr\/wp-content\/uploads\/2019\/10\/25-Hugo-BOUBOUL-lavoir-1024x683.jpg\" data-lightbox=\"epa-album-3388\" title=\"25 Hugo BOUBOUL\"><img decoding=\"async\" src=\"http:\/\/landiphotoclub.fr\/wp-content\/uploads\/2019\/10\/25-Hugo-BOUBOUL-lavoir-150x150.jpg\" alt=\"25 Hugo BOUBOUL lavoir\"\/><br\/><span class=\"epa-title wp-caption\">25 Hugo BOUBOUL<\/span><\/a><\/div><div class=\"epa-image\"><a href=\"http:\/\/landiphotoclub.fr\/wp-content\/uploads\/2019\/10\/26-Irina-DESPRETZ-Kerjean-1024x683.jpg\" data-lightbox=\"epa-album-3388\" title=\"26 Irina DESPRETZ\"><img decoding=\"async\" src=\"http:\/\/landiphotoclub.fr\/wp-content\/uploads\/2019\/10\/26-Irina-DESPRETZ-Kerjean-150x150.jpg\" alt=\"26 Irina DESPRETZ Kerjean\"\/><br\/><span class=\"epa-title wp-caption\">26 Irina DESPRETZ<\/span><\/a><\/div><div class=\"epa-image\"><a href=\"http:\/\/landiphotoclub.fr\/wp-content\/uploads\/2019\/10\/27-Jean-Pierre-DAL-SANTO-Sculpture-683x1024.jpg\" data-lightbox=\"epa-album-3388\" title=\"27 Jean Pierre DAL SANTO \"><img decoding=\"async\" src=\"http:\/\/landiphotoclub.fr\/wp-content\/uploads\/2019\/10\/27-Jean-Pierre-DAL-SANTO-Sculpture-150x150.jpg\" alt=\"27 Jean Pierre DAL SANTO Sculpture\"\/><br\/><span class=\"epa-title wp-caption\">27 Jean Pierre DAL SANTO <\/span><\/a><\/div><\/li><li class=\"epa-row epa-cf\"><div class=\"epa-image\"><a href=\"http:\/\/landiphotoclub.fr\/wp-content\/uploads\/2019\/10\/28-J\u00e9r\u00f4me-PIROU-Transhumance-683x1024.jpg\" data-lightbox=\"epa-album-3388\" title=\"28 J\u00e9r\u00f4me PIROU\"><img decoding=\"async\" src=\"http:\/\/landiphotoclub.fr\/wp-content\/uploads\/2019\/10\/28-J\u00e9r\u00f4me-PIROU-Transhumance-150x150.jpg\" alt=\"28 J\u00e9r\u00f4me PIROU Transhumance\"\/><br\/><span class=\"epa-title wp-caption\">28 J\u00e9r\u00f4me PIROU<\/span><\/a><\/div><div class=\"epa-image\"><a href=\"http:\/\/landiphotoclub.fr\/wp-content\/uploads\/2019\/10\/29-Jo\u00ealle-COURSIN-Lit-Clos-1024x683.jpg\" data-lightbox=\"epa-album-3388\" title=\"29 Jo\u00ealle COURSIN\"><img decoding=\"async\" src=\"http:\/\/landiphotoclub.fr\/wp-content\/uploads\/2019\/10\/29-Jo\u00ealle-COURSIN-Lit-Clos-150x150.jpg\" alt=\"29 Jo\u00ealle COURSIN Lit Clos\"\/><br\/><span class=\"epa-title wp-caption\">29 Jo\u00ealle COURSIN<\/span><\/a><\/div><div class=\"epa-image\"><a href=\"http:\/\/landiphotoclub.fr\/wp-content\/uploads\/2019\/10\/30-Justine-ANSQUER-Repassage-1024x683.jpg\" data-lightbox=\"epa-album-3388\" title=\"30 Justine ANSQUER \"><img decoding=\"async\" src=\"http:\/\/landiphotoclub.fr\/wp-content\/uploads\/2019\/10\/30-Justine-ANSQUER-Repassage-150x150.jpg\" alt=\"30 Justine ANSQUER Repassage\"\/><br\/><span class=\"epa-title wp-caption\">30 Justine ANSQUER <\/span><\/a><\/div><\/li><li class=\"epa-row epa-cf\"><div class=\"epa-image\"><a href=\"http:\/\/landiphotoclub.fr\/wp-content\/uploads\/2019\/10\/31-Laurence-GUERCH-remouleur-1024x683.jpg\" data-lightbox=\"epa-album-3388\" title=\"31 Laurence GUERCH \"><img decoding=\"async\" src=\"http:\/\/landiphotoclub.fr\/wp-content\/uploads\/2019\/10\/31-Laurence-GUERCH-remouleur-150x150.jpg\" alt=\"31 Laurence GUERCH remouleur\"\/><br\/><span class=\"epa-title wp-caption\">31 Laurence GUERCH <\/span><\/a><\/div><div class=\"epa-image\"><a href=\"http:\/\/landiphotoclub.fr\/wp-content\/uploads\/2019\/10\/32-Marie-Claire-QUIOC-Boulanger-1024x683.jpg\" data-lightbox=\"epa-album-3388\" title=\"32 Marie Claire QUIOC \"><img decoding=\"async\" src=\"http:\/\/landiphotoclub.fr\/wp-content\/uploads\/2019\/10\/32-Marie-Claire-QUIOC-Boulanger-150x150.jpg\" alt=\"32 Marie Claire QUIOC Boulanger\"\/><br\/><span class=\"epa-title wp-caption\">32 Marie Claire QUIOC <\/span><\/a><\/div><div class=\"epa-image\"><a href=\"http:\/\/landiphotoclub.fr\/wp-content\/uploads\/2019\/10\/33-Marie-Claude-KERAUTRET-Cr\u00e9ach-KELLEN-1024x683.jpg\" data-lightbox=\"epa-album-3388\" title=\"33 Marie Claude KERAUTRET \"><img decoding=\"async\" src=\"http:\/\/landiphotoclub.fr\/wp-content\/uploads\/2019\/10\/33-Marie-Claude-KERAUTRET-Cr\u00e9ach-KELLEN-150x150.jpg\" alt=\"33 Marie Claude KERAUTRET Cr\u00e9ac'h KELLEN\"\/><br\/><span class=\"epa-title wp-caption\">33 Marie Claude KERAUTRET <\/span><\/a><\/div><\/li><li class=\"epa-row epa-cf\"><div class=\"epa-image\"><a href=\"http:\/\/landiphotoclub.fr\/wp-content\/uploads\/2019\/10\/34-Marie-Jos\u00e9e-TANGUY-Berven-1024x683.jpg\" data-lightbox=\"epa-album-3388\" title=\"34 Marie Jos\u00e9e TANGUY \"><img decoding=\"async\" src=\"http:\/\/landiphotoclub.fr\/wp-content\/uploads\/2019\/10\/34-Marie-Jos\u00e9e-TANGUY-Berven-150x150.jpg\" alt=\"34 Marie Jos\u00e9e TANGUY Berven\"\/><br\/><span class=\"epa-title wp-caption\">34 Marie Jos\u00e9e TANGUY <\/span><\/a><\/div><div class=\"epa-image\"><a href=\"http:\/\/landiphotoclub.fr\/wp-content\/uploads\/2019\/10\/35-Marion-TANGUY-Bodilis-683x1024.jpg\" data-lightbox=\"epa-album-3388\" title=\"35 Marion TANGUY \"><img decoding=\"async\" src=\"http:\/\/landiphotoclub.fr\/wp-content\/uploads\/2019\/10\/35-Marion-TANGUY-Bodilis-150x150.jpg\" alt=\"35 Marion TANGUY Bodilis\"\/><br\/><span class=\"epa-title wp-caption\">35 Marion TANGUY <\/span><\/a><\/div><div class=\"epa-image\"><a href=\"http:\/\/landiphotoclub.fr\/wp-content\/uploads\/2019\/10\/36-Maryline-TANGUY-culture-1024x683.jpg\" data-lightbox=\"epa-album-3388\" title=\"36 Maryline TANGUY\"><img decoding=\"async\" src=\"http:\/\/landiphotoclub.fr\/wp-content\/uploads\/2019\/10\/36-Maryline-TANGUY-culture-150x150.jpg\" alt=\"36 Maryline TANGUY culture\"\/><br\/><span class=\"epa-title wp-caption\">36 Maryline TANGUY<\/span><\/a><\/div><\/li><li class=\"epa-row epa-cf\"><div class=\"epa-image\"><a href=\"http:\/\/landiphotoclub.fr\/wp-content\/uploads\/2019\/10\/37-Maurice-GUILLOU-Marechal-683x1024.jpg\" data-lightbox=\"epa-album-3388\" title=\"37 Maurice GUILLOU\"><img decoding=\"async\" src=\"http:\/\/landiphotoclub.fr\/wp-content\/uploads\/2019\/10\/37-Maurice-GUILLOU-Marechal-150x150.jpg\" alt=\"37 Maurice GUILLOU Marechal\"\/><br\/><span class=\"epa-title wp-caption\">37 Maurice GUILLOU<\/span><\/a><\/div><div class=\"epa-image\"><a href=\"http:\/\/landiphotoclub.fr\/wp-content\/uploads\/2019\/10\/38-M\u00e9lanie-LE-BRAS-graveur-683x1024.jpg\" data-lightbox=\"epa-album-3388\" title=\"38 M\u00e9lanie LE BRAS\"><img decoding=\"async\" src=\"http:\/\/landiphotoclub.fr\/wp-content\/uploads\/2019\/10\/38-M\u00e9lanie-LE-BRAS-graveur-150x150.jpg\" alt=\"38 M\u00e9lanie LE BRAS graveur\"\/><br\/><span class=\"epa-title wp-caption\">38 M\u00e9lanie LE BRAS<\/span><\/a><\/div><div class=\"epa-image\"><a href=\"http:\/\/landiphotoclub.fr\/wp-content\/uploads\/2019\/10\/39-Sylvie-GUIRIEC-broderie-1024x683.jpg\" data-lightbox=\"epa-album-3388\" title=\"39 Sylvie GUIRIEC\"><img decoding=\"async\" src=\"http:\/\/landiphotoclub.fr\/wp-content\/uploads\/2019\/10\/39-Sylvie-GUIRIEC-broderie-150x150.jpg\" alt=\"39 Sylvie GUIRIEC broderie\"\/><br\/><span class=\"epa-title wp-caption\">39 Sylvie GUIRIEC<\/span><\/a><\/div><\/li><li class=\"epa-row epa-cf\"><div class=\"epa-image\"><a href=\"http:\/\/landiphotoclub.fr\/wp-content\/uploads\/2019\/10\/40-Mireille-CAM-saponage-1024x683.jpg\" data-lightbox=\"epa-album-3388\" title=\"40 Mireille CAM\"><img decoding=\"async\" src=\"http:\/\/landiphotoclub.fr\/wp-content\/uploads\/2019\/10\/40-Mireille-CAM-saponage-150x150.jpg\" alt=\"40 Mireille CAM saponage\"\/><br\/><span class=\"epa-title wp-caption\">40 Mireille CAM<\/span><\/a><\/div><div class=\"epa-image\"><a href=\"http:\/\/landiphotoclub.fr\/wp-content\/uploads\/2019\/10\/41-Nancy-GAFFRIC-colombier-1024x683.jpg\" data-lightbox=\"epa-album-3388\" title=\"41 Nancy GAFFRIC\"><img decoding=\"async\" src=\"http:\/\/landiphotoclub.fr\/wp-content\/uploads\/2019\/10\/41-Nancy-GAFFRIC-colombier-150x150.jpg\" alt=\"41 Nancy GAFFRIC colombier\"\/><br\/><span class=\"epa-title wp-caption\">41 Nancy GAFFRIC<\/span><\/a><\/div><div class=\"epa-image\"><a href=\"http:\/\/landiphotoclub.fr\/wp-content\/uploads\/2019\/10\/42-Nathalie-THEOTA-boucher-683x1024.jpg\" data-lightbox=\"epa-album-3388\" title=\"42 Nathalie THEOTA\"><img decoding=\"async\" src=\"http:\/\/landiphotoclub.fr\/wp-content\/uploads\/2019\/10\/42-Nathalie-THEOTA-boucher-150x150.jpg\" alt=\"42 Nathalie THEOTA boucher\"\/><br\/><span class=\"epa-title wp-caption\">42 Nathalie THEOTA<\/span><\/a><\/div><\/li><li class=\"epa-row epa-cf\"><div class=\"epa-image\"><a href=\"http:\/\/landiphotoclub.fr\/wp-content\/uploads\/2019\/10\/43-R\u00e9mi-LAMOUR-tannerie-683x1024.jpg\" data-lightbox=\"epa-album-3388\" title=\"43 Remi LAMOUR\"><img decoding=\"async\" src=\"http:\/\/landiphotoclub.fr\/wp-content\/uploads\/2019\/10\/43-R\u00e9mi-LAMOUR-tannerie-150x150.jpg\" alt=\"43 Remi LAMOUR Tannerie\"\/><br\/><span class=\"epa-title wp-caption\">43 Remi LAMOUR<\/span><\/a><\/div><div class=\"epa-image\"><a href=\"http:\/\/landiphotoclub.fr\/wp-content\/uploads\/2019\/10\/44-Ren\u00e9-PAUL-triptyque-portes-1024x683.jpg\" data-lightbox=\"epa-album-3388\" title=\"44 Ren\u00e9 PAUL\"><img decoding=\"async\" src=\"http:\/\/landiphotoclub.fr\/wp-content\/uploads\/2019\/10\/44-Ren\u00e9-PAUL-triptyque-portes-150x150.jpg\" alt=\"44 Ren\u00e9 PAUL triptyque portes\"\/><br\/><span class=\"epa-title wp-caption\">44 Ren\u00e9 PAUL<\/span><\/a><\/div><div class=\"epa-image\"><a href=\"http:\/\/landiphotoclub.fr\/wp-content\/uploads\/2019\/10\/45-Ronan-FERELLOC-MFR-1024x683.jpg\" data-lightbox=\"epa-album-3388\" title=\"45 Ronan FERELLOC\"><img decoding=\"async\" src=\"http:\/\/landiphotoclub.fr\/wp-content\/uploads\/2019\/10\/45-Ronan-FERELLOC-MFR-150x150.jpg\" alt=\"45 Ronan FERELLOC MFR\"\/><br\/><span class=\"epa-title wp-caption\">45 Ronan FERELLOC<\/span><\/a><\/div><\/li><li class=\"epa-row epa-cf\"><div class=\"epa-image\"><a href=\"http:\/\/landiphotoclub.fr\/wp-content\/uploads\/2019\/10\/46-Roselyne-PAUL-menuiserie-683x1024.jpg\" data-lightbox=\"epa-album-3388\" title=\"46 Roselyne PAUL \"><img decoding=\"async\" src=\"http:\/\/landiphotoclub.fr\/wp-content\/uploads\/2019\/10\/46-Roselyne-PAUL-menuiserie-150x150.jpg\" alt=\"46 Roselyne PAUL menuiserie\"\/><br\/><span class=\"epa-title wp-caption\">46 Roselyne PAUL <\/span><\/a><\/div><div class=\"epa-image\"><a href=\"http:\/\/landiphotoclub.fr\/wp-content\/uploads\/2019\/10\/47-Sandrine-GRAC-moulin-a-tan-683x1024.jpg\" data-lightbox=\"epa-album-3388\" title=\"47 Sandrine GRAC \"><img decoding=\"async\" src=\"http:\/\/landiphotoclub.fr\/wp-content\/uploads\/2019\/10\/47-Sandrine-GRAC-moulin-a-tan-150x150.jpg\" alt=\"47 Sandrine GRAC moulin a tan\"\/><br\/><span class=\"epa-title wp-caption\">47 Sandrine GRAC <\/span><\/a><\/div><div class=\"epa-image\"><a href=\"http:\/\/landiphotoclub.fr\/wp-content\/uploads\/2019\/10\/48-Sophie-ABGRALL-le-lin-1024x683.jpg\" data-lightbox=\"epa-album-3388\" title=\"48 Sophie ABGRAL\"><img decoding=\"async\" src=\"http:\/\/landiphotoclub.fr\/wp-content\/uploads\/2019\/10\/48-Sophie-ABGRALL-le-lin-150x150.jpg\" alt=\"48 Sophie ABGRALL le lin\"\/><br\/><span class=\"epa-title wp-caption\">48 Sophie ABGRAL<\/span><\/a><\/div><\/li><li class=\"epa-row epa-cf\"><div class=\"epa-image\"><a href=\"http:\/\/landiphotoclub.fr\/wp-content\/uploads\/2019\/10\/49-Sylvain-BARON-photographe-1024x683.jpg\" data-lightbox=\"epa-album-3388\" title=\"49 Sylvain BARON \"><img decoding=\"async\" src=\"http:\/\/landiphotoclub.fr\/wp-content\/uploads\/2019\/10\/49-Sylvain-BARON-photographe-150x150.jpg\" alt=\"49 Sylvain BARON photographe\"\/><br\/><span class=\"epa-title wp-caption\">49 Sylvain BARON <\/span><\/a><\/div><div class=\"epa-image\"><a href=\"http:\/\/landiphotoclub.fr\/wp-content\/uploads\/2019\/10\/50-Yveline-SIZUN-Triptyque-Kanndi-1024x683.jpg\" data-lightbox=\"epa-album-3388\" title=\"50 Yveline SIZUN \"><img decoding=\"async\" src=\"http:\/\/landiphotoclub.fr\/wp-content\/uploads\/2019\/10\/50-Yveline-SIZUN-Triptyque-Kanndi-150x150.jpg\" alt=\"50 Yveline SIZUN Triptyque Kanndi\"\/><br\/><span class=\"epa-title wp-caption\">50 Yveline SIZUN <\/span><\/a><\/div><\/li><\/ul>","protected":false},"author":1,"featured_media":0,"parent":0,"menu_order":0,"comment_status":"closed","ping_status":"closed","template":"","meta":{"footnotes":""},"class_list":["post-3389","page","type-page","status-publish","hentry"],"_links":{"self":[{"href":"https:\/\/landiphotoclub.fr\/index.php?rest_route=\/wp\/v2\/pages\/3389","targetHints":{"allow":["GET"]}}],"collection":[{"href":"https:\/\/landiphotoclub.fr\/index.php?rest_route=\/wp\/v2\/pages"}],"about":[{"href":"https:\/\/landiphotoclub.fr\/index.php?rest_route=\/wp\/v2\/types\/page"}],"author":[{"embeddable":true,"href":"https:\/\/landiphotoclub.fr\/index.php?rest_route=\/wp\/v2\/users\/1"}],"replies":[{"embeddable":true,"href":"https:\/\/landiphotoclub.fr\/index.php?rest_route=%2Fwp%2Fv2%2Fcomments&post=3389"}],"version-history":[{"count":7,"href":"https:\/\/landiphotoclub.fr\/index.php?rest_route=\/wp\/v2\/pages\/3389\/revisions"}],"predecessor-version":[{"id":7982,"href":"https:\/\/landiphotoclub.fr\/index.php?rest_route=\/wp\/v2\/pages\/3389\/revisions\/7982"}],"wp:attachment":[{"href":"https:\/\/landiphotoclub.fr\/index.php?rest_route=%2Fwp%2Fv2%2Fmedia&parent=3389"}],"curies":[{"name":"wp","href":"https:\/\/api.w.org\/{rel}","templated":true}]}}